{"id":78737,"date":"2025-10-30T14:11:32","date_gmt":"2025-10-30T13:11:32","guid":{"rendered":"http:\/\/www2.bfkeg.it\/fossa-uhl\/"},"modified":"2026-01-09T08:29:43","modified_gmt":"2026-01-09T07:29:43","slug":"fossa-uhl","status":"publish","type":"page","link":"https:\/\/www.bfkeg.it\/it\/fossa-uhl\/","title":{"rendered":"Fossa Uhl"},"content":{"rendered":"\t\t<div data-elementor-type=\"wp-page\" data-elementor-id=\"78737\" class=\"elementor elementor-78737 elementor-78207\">\n\t\t\t\t\t\t<section class=\"elementor-section elementor-top-section elementor-element elementor-element-f95ff8c elementor-section-boxed elementor-section-height-default elementor-section-height-default\" data-id=\"f95ff8c\" data-element_type=\"section\" data-e-type=\"section\">\n\t\t\t\t\t\t<div class=\"elementor-container elementor-column-gap-default\">\n\t\t\t\t\t<div class=\" elementor-column elementor-col-100 elementor-top-column elementor-element elementor-element-7ba3bad5\" data-fullscreen-column-settings=\"{&quot;fullscreen&quot;:&quot;&quot;}\" data-id=\"7ba3bad5\" data-element_type=\"column\" data-e-type=\"column\">\n\t\t\t<div class=\"elementor-widget-wrap elementor-element-populated\">\n\t\t\t\t\t\t<div class=\"elementor-element elementor-element-7a7e2630 elementor-widget elementor-widget-heading\" data-id=\"7a7e2630\" data-element_type=\"widget\" data-e-type=\"widget\" data-widget_type=\"heading.default\">\n\t\t\t\t\t<h6 class=\"elementor-heading-title elementor-size-default\">Fosse<\/h6>\t\t\t\t<\/div>\n\t\t\t\t<div class=\"elementor-element elementor-element-5809656c elementor-widget elementor-widget-heading\" data-id=\"5809656c\" data-element_type=\"widget\" data-e-type=\"widget\" data-widget_type=\"heading.default\">\n\t\t\t\t\t<h2 class=\"elementor-heading-title elementor-size-default\">Fossa Uhl<\/h2>\t\t\t\t<\/div>\n\t\t\t\t<div class=\"elementor-element elementor-element-45c24011 elementor-widget elementor-widget-text-editor\" data-id=\"45c24011\" data-element_type=\"widget\" data-e-type=\"widget\" data-widget_type=\"text-editor.default\">\n\t\t\t\t\t\t\t\t\t<p>La <strong>fossa Uhl<\/strong> \u00e8 il fosso principale che drena il fondovalle. Ha una lunghezza media di <strong>4,8 km<\/strong>, una larghezza stimata di 9 metri e una profondit\u00e0 di 5 metri.<\/p><p>I lavori di sfalcio vengono eseguiti in media 3 volte all&#8217;anno. A causa della sua funzione e delle condizioni locali, il carico di lavoro \u00e8 classificato come <strong>elevato<\/strong>.<\/p>\t\t\t\t\t\t\t\t<\/div>\n\t\t\t\t\t<\/div>\n\t\t<\/div>\n\t\t\t\t\t<\/div>\n\t\t<\/section>\n\t\t\t\t<section class=\"elementor-section elementor-top-section elementor-element elementor-element-3633ef59 elementor-section-boxed elementor-section-height-default elementor-section-height-default\" data-id=\"3633ef59\" data-element_type=\"section\" data-e-type=\"section\">\n\t\t\t\t\t\t<div class=\"elementor-container elementor-column-gap-default\">\n\t\t\t\t\t<div class=\" elementor-column elementor-col-100 elementor-top-column elementor-element elementor-element-39bd2e89\" data-fullscreen-column-settings=\"{&quot;fullscreen&quot;:&quot;&quot;}\" data-id=\"39bd2e89\" data-element_type=\"column\" data-e-type=\"column\">\n\t\t\t<div class=\"elementor-widget-wrap elementor-element-populated\">\n\t\t\t\t\t\t<div class=\"elementor-element elementor-element-71298b0d elementor-widget elementor-widget-litho-image-gallery\" data-id=\"71298b0d\" data-element_type=\"widget\" data-e-type=\"widget\" data-widget_type=\"litho-image-gallery.default\">\n\t\t\t\t<div class=\"elementor-widget-container\">\n\t\t\t\t\t\t\t\t\t\t<ul class=\"portfolio-grid grid grid-2col\">\n\t\t\t\t\t<li class=\"grid-sizer\"><\/li>\n\t\t\t\t\t\t\t\t\t\t\t\t<li class=\"grid-item\">\n\t\t\t\t\t\t\t\t\t\t\t\t\t\t\t\t\t<a href=\"https:\/\/www.bfkeg.it\/wordpress\/wp-content\/uploads\/2025\/08\/Branzoller-Hauptabzugsgraben-1-1.jpg\" data-elementor-open-lightbox=\"no\" data-group=\"71298b0d\" class=\"lightbox-group-gallery-item \" title=\"M\u00fcndung des Buozzikanals in den Uhlgraben.\" data-lightbox-caption=\"Die M\u00fcndung des Buozzikanals in den Uhlgraben bei Branzoll. Das Bild zeigt den Zusammenfluss beider Entw\u00e4sserungskan\u00e4le, die gemeinsam zur Ableitung des Oberfl\u00e4chenwassers und zum Hochwasserschutz im Einzugsgebiet beitragen.\">\n\t\t\t\t\t\t\t\t\t\t\t\t\t\t\t\t\t<div class=\"portfolio-box image-gallery-box\">\n\t\t\t\t\t\t\t\t\t\t<div class=\"portfolio-image\">\n\t\t\t\t\t\t\t\t\t\t\t<img fetchpriority=\"high\" decoding=\"async\" width=\"1500\" height=\"1125\" src=\"https:\/\/www.bfkeg.it\/wordpress\/wp-content\/uploads\/2025\/08\/Branzoller-Hauptabzugsgraben-1-1.jpg\" class=\"attachment- size-\" alt=\"M\u00fcndung des Buozzikanals in den Uhlgraben bei Branzoll.\" srcset=\"https:\/\/www.bfkeg.it\/wordpress\/wp-content\/uploads\/2025\/08\/Branzoller-Hauptabzugsgraben-1-1.jpg 1500w, https:\/\/www.bfkeg.it\/wordpress\/wp-content\/uploads\/2025\/08\/Branzoller-Hauptabzugsgraben-1-1-300x225.jpg 300w, https:\/\/www.bfkeg.it\/wordpress\/wp-content\/uploads\/2025\/08\/Branzoller-Hauptabzugsgraben-1-1-1024x768.jpg 1024w, https:\/\/www.bfkeg.it\/wordpress\/wp-content\/uploads\/2025\/08\/Branzoller-Hauptabzugsgraben-1-1-768x576.jpg 768w, https:\/\/www.bfkeg.it\/wordpress\/wp-content\/uploads\/2025\/08\/Branzoller-Hauptabzugsgraben-1-1-200x150.jpg 200w\" sizes=\"(max-width: 1500px) 100vw, 1500px\" \/>\t\t\t\t\t\t\t\t\t\t\t\t\t\t\t\t\t\t\t\t\t\t\t<div class=\"portfolio-hover\"><i aria-hidden=\"true\" class=\"feather icon-feather-zoom-in\"><\/i><\/div>\n\t\t\t\t\t\t\t\t\t\t\t\t\t\t\t\t\t\t\t\t\t<\/div>\n\t\t\t\t\t\t\t\t\t<\/div>\n\t\t\t\t\t\t\t\t\t\t\t\t\t\t\t\t\t<\/a>\n\t\t\t\t\t\t\t\t\t\t\t\t\t\t\t<\/li>\n\t\t\t\t\t\t\t\t\t\t\t\t\t\t<li class=\"grid-item\">\n\t\t\t\t\t\t\t\t\t\t\t\t\t\t\t\t\t<a href=\"https:\/\/www.bfkeg.it\/wordpress\/wp-content\/uploads\/2025\/11\/buozzi-uhl.jpeg\" data-elementor-open-lightbox=\"no\" data-group=\"71298b0d\" class=\"lightbox-group-gallery-item \" title=\"M\u00fcndung des Buozzikanals in den Uhlgraben.\">\n\t\t\t\t\t\t\t\t\t\t\t\t\t\t\t\t\t<div class=\"portfolio-box image-gallery-box\">\n\t\t\t\t\t\t\t\t\t\t<div class=\"portfolio-image\">\n\t\t\t\t\t\t\t\t\t\t\t<img decoding=\"async\" width=\"1500\" height=\"1125\" src=\"https:\/\/www.bfkeg.it\/wordpress\/wp-content\/uploads\/2025\/11\/buozzi-uhl.jpeg\" class=\"attachment- size-\" alt=\"M\u00fcndung des Buozzikanals in den Uhlgraben bei Branzoll.\" srcset=\"https:\/\/www.bfkeg.it\/wordpress\/wp-content\/uploads\/2025\/11\/buozzi-uhl.jpeg 1500w, https:\/\/www.bfkeg.it\/wordpress\/wp-content\/uploads\/2025\/11\/buozzi-uhl-300x225.jpeg 300w, https:\/\/www.bfkeg.it\/wordpress\/wp-content\/uploads\/2025\/11\/buozzi-uhl-1024x768.jpeg 1024w, https:\/\/www.bfkeg.it\/wordpress\/wp-content\/uploads\/2025\/11\/buozzi-uhl-768x576.jpeg 768w, https:\/\/www.bfkeg.it\/wordpress\/wp-content\/uploads\/2025\/11\/buozzi-uhl-200x150.jpeg 200w\" sizes=\"(max-width: 1500px) 100vw, 1500px\" \/>\t\t\t\t\t\t\t\t\t\t\t\t\t\t\t\t\t\t\t\t\t\t\t<div class=\"portfolio-hover\"><i aria-hidden=\"true\" class=\"feather icon-feather-zoom-in\"><\/i><\/div>\n\t\t\t\t\t\t\t\t\t\t\t\t\t\t\t\t\t\t\t\t\t<\/div>\n\t\t\t\t\t\t\t\t\t<\/div>\n\t\t\t\t\t\t\t\t\t\t\t\t\t\t\t\t\t<\/a>\n\t\t\t\t\t\t\t\t\t\t\t\t\t\t\t<\/li>\n\t\t\t\t\t\t\t\t\t\t\t<\/ul>\n\t\t\t\t\t\t\t\t<\/div>\n\t\t\t\t<\/div>\n\t\t\t\t\t<\/div>\n\t\t<\/div>\n\t\t\t\t\t<\/div>\n\t\t<\/section>\n\t\t\t\t<\/div>\n\t\t","protected":false},"excerpt":{"rendered":"<p>Fosse Fossa Uhl La fossa Uhl \u00e8 il fosso principale che drena il fondovalle. Ha una lunghezza media di 4,8 km, una larghezza stimata di 9 metri e una profondit\u00e0 di 5 metri. I lavori di sfalcio vengono eseguiti in media 3 volte all&#8217;anno. A causa della sua funzione e delle condizioni locali, il carico [&hellip;]<\/p>\n","protected":false},"author":1,"featured_media":0,"parent":0,"menu_order":0,"comment_status":"closed","ping_status":"closed","template":"","meta":{"footnotes":""},"class_list":["post-78737","page","type-page","status-publish","hentry"],"_links":{"self":[{"href":"https:\/\/www.bfkeg.it\/it\/wp-json\/wp\/v2\/pages\/78737","targetHints":{"allow":["GET"]}}],"collection":[{"href":"https:\/\/www.bfkeg.it\/it\/wp-json\/wp\/v2\/pages"}],"about":[{"href":"https:\/\/www.bfkeg.it\/it\/wp-json\/wp\/v2\/types\/page"}],"author":[{"embeddable":true,"href":"https:\/\/www.bfkeg.it\/it\/wp-json\/wp\/v2\/users\/1"}],"replies":[{"embeddable":true,"href":"https:\/\/www.bfkeg.it\/it\/wp-json\/wp\/v2\/comments?post=78737"}],"version-history":[{"count":4,"href":"https:\/\/www.bfkeg.it\/it\/wp-json\/wp\/v2\/pages\/78737\/revisions"}],"predecessor-version":[{"id":79068,"href":"https:\/\/www.bfkeg.it\/it\/wp-json\/wp\/v2\/pages\/78737\/revisions\/79068"}],"wp:attachment":[{"href":"https:\/\/www.bfkeg.it\/it\/wp-json\/wp\/v2\/media?parent=78737"}],"curies":[{"name":"wp","href":"https:\/\/api.w.org\/{rel}","templated":true}]}}